   {"id":830,"date":"2024-03-11T10:33:04","date_gmt":"2024-03-11T14:33:04","guid":{"rendered":"http:\/\/siteccrm:8080\/?post_type=activite&#038;p=830"},"modified":"2025-02-06T08:39:16","modified_gmt":"2025-02-06T13:39:16","slug":"assemblee-generale-annuelle-2024","status":"publish","type":"activite","link":"https:\/\/ccrm-mtl.com\/ccrm\/activites\/assemblee-generale-annuelle-2024\/","title":{"rendered":"Assembl\u00e9e g\u00e9n\u00e9rale 2024"},"content":{"rendered":"\n<p>Tous les membres de la Conf\u00e9rence des cadres retrait\u00e9s de Montr\u00e9al (CCRM) sont convi\u00e9s \u00e0 assister \u00e0 l\u2019assembl\u00e9e g\u00e9n\u00e9rale annuelle (AGA) qui sera l\u2019h\u00f4te, cette ann\u00e9e, <strong>d\u2019un rendez-vous sp\u00e9cial visant \u00e0 souligner les 30 ans de la CCRM<\/strong>.<\/p>\n\n\n\n<p>\u00c0 cette occasion, les membres pr\u00e9sents recevront une carte-cadeau de 30 $. De plus, les participants pourront, avant le d\u00e9but de la rencontre, \u00e9changer avec des coll\u00e8gues autour d\u2019un l\u00e9ger go\u00fbter comprenant fromage, grignotines et breuvages.<\/p>\n\n\n\n<h3 class=\"wp-block-heading\"><mark style=\"background-color:rgba(0, 0, 0, 0)\" class=\"has-inline-color has-vivid-red-color\"><strong>IMPORTANT &#8211; CHANGEMENT DE SALLE POUR L\u2019ASSEMBL\u00c9E G\u00c9N\u00c9RALE<\/strong><\/mark><\/h3>\n\n\n\n<div class=\"wp-block-group is-vertical is-content-justification-left is-layout-flex wp-container-core-group-is-layout-c0ca7d81 wp-block-group-is-layout-flex\">\n<p><strong>DATE<\/strong>&nbsp;: Mercredi 24 avril 2024<\/p>\n\n\n\n<p><strong>HEURE<\/strong>&nbsp;: Accueil \u00e0 compter de 14 h, d\u00e9but de l\u2019assembl\u00e9e \u00e0 15 h 30<\/p>\n\n\n\n<h3 class=\"wp-block-heading\"><mark style=\"background-color:rgba(0, 0, 0, 0)\" class=\"has-inline-color has-vivid-red-color\"><strong>LIEU&nbsp;: \u00c9glise Notre-Dame-des-Victoires, 5751, avenue Pierre de Coubertin, salle Joseph-Thibodeau, Montr\u00e9al<\/strong><\/mark><\/h3>\n\n\n\n<p><strong>M\u00c9TRO<\/strong>&nbsp;: Cadillac ou Assomption<\/p>\n<\/div>\n\n\n\n<p>L\u2019\u00e9glise est situ\u00e9e au coin de la rue Lacordaire, entre le M\u00e9tro Cadillac et le M\u00e9tro Assomption, \u00e0 moins de 10 minutes de marche, l\u2019entr\u00e9e de la salle est sur l\u2019avenue Pierre-De Coubertin.<\/p>\n\n\n\n<p>Le stationnement sur la rue est assez facile \u00e0 cette p\u00e9riode de la journ\u00e9e.<\/p>\n\n\n\n<p>Pour plus de d\u00e9tails, nous vous invitons \u00e0 consulter l\u2019avis de convocation ci-dessous. Nous vous remercions d\u2019en prendre connaissance avant le 24 avril.<\/p>\n\n\n\n\n\n<p>Nous vous y attendons en grand nombre !<\/p>\n\n\n\n<div class=\"wp-block-asso-bloc-documents has-2-columns\">\n<div class=\"wp-block-asso-bloc-document\"><h5>PDF<\/h5><h3>Rapports financiers 2023 et Budget 2024<\/h3><a href=\"https:\/\/ccrm-mtl.com\/ccrm\/wp-content\/uploads\/2024\/04\/RAPPORTS-FINANCIERS_2023_ET_BUDGET_2024.pdf\" target=\"_blank\">T\u00e9l\u00e9charger<\/a><\/div>\n<\/div>\n\n\n\n<p><\/p>\n","protected":false},"excerpt":{"rendered":"<p>N&rsquo;oubliez pas d&rsquo;inscrire \u00e0 votre agenda, l&rsquo;assembl\u00e9e g\u00e9n\u00e9rale des membres<\/p>\n","protected":false},"featured_media":1018,"template":"","genre":[9],"class_list":["post-830","activite","type-activite","status-publish","has-post-thumbnail","hentry","genre-aga"],"acf":{"banniere_arriereplan":1053,"banniere_soustitre":""},"_links":{"self":[{"href":"https:\/\/ccrm-mtl.com\/ccrm\/wp-json\/wp\/v2\/activite\/830","targetHints":{"allow":["GET"]}}],"collection":[{"href":"https:\/\/ccrm-mtl.com\/ccrm\/wp-json\/wp\/v2\/activite"}],"about":[{"href":"https:\/\/ccrm-mtl.com\/ccrm\/wp-json\/wp\/v2\/types\/activite"}],"wp:featuredmedia":[{"embeddable":true,"href":"https:\/\/ccrm-mtl.com\/ccrm\/wp-json\/wp\/v2\/media\/1018"}],"wp:attachment":[{"href":"https:\/\/ccrm-mtl.com\/ccrm\/wp-json\/wp\/v2\/media?parent=830"}],"wp:term":[{"taxonomy":"genre","embeddable":true,"href":"https:\/\/ccrm-mtl.com\/ccrm\/wp-json\/wp\/v2\/genre?post=830"}],"curies":[{"name":"wp","href":"https:\/\/api.w.org\/{rel}","templated":true}]}}