   {"id":167,"date":"2023-08-08T10:12:52","date_gmt":"2023-08-08T14:12:52","guid":{"rendered":"http:\/\/siteccrm:8080\/?post_type=comite&#038;p=167"},"modified":"2026-04-20T14:11:25","modified_gmt":"2026-04-20T18:11:25","slug":"conseil-dadministration","status":"publish","type":"comite","link":"https:\/\/ccrm-mtl.com\/ccrm\/comites\/conseil-dadministration\/","title":{"rendered":"Conseil d&rsquo;administration"},"content":{"rendered":"\n<h3 class=\"wp-block-heading\">-Personnes Administratrices :<\/h3>\n\n\n\n<p>La Conf\u00e9rence est administr\u00e9e par un Conseil d\u2019administration de neuf Membres constitu\u00e9 comme suit :<\/p>\n\n\n\n<ul class=\"wp-block-list\">\n<li>quatre personnes \u00e9lues par les Membres en r\u00e8gle de la Conf\u00e9rence, qui agissent \u00e9galement \u00e0 titre de membres de l\u2019Ex\u00e9cutif de la Conf\u00e9rence, soit une personne pr\u00e9sidente, une personne vice-pr\u00e9sidente, une personne secr\u00e9taire et une personne tr\u00e9sori\u00e8re;<\/li>\n\n\n\n<li>cinq personnes administratrices \u00e9lues par les Membres en r\u00e8gle;<\/li>\n\n\n\n<li>Les Membres \u00e9lus occupent leur poste \u00e0 compter de l\u2019Assembl\u00e9e annuelle qui suit leur \u00e9lection. Les Membres s\u2019engagent \u00e0 exercer leur droit de vote de fa\u00e7on \u00e0 \u00e9lire, \u00e0 titre de personnes administratrices, les personnes d\u00e9sign\u00e9es conform\u00e9ment au pr\u00e9sent article.<\/li>\n<\/ul>\n\n\n\n<h3 class=\"wp-block-heading\">-\u00c9ligibilit\u00e9<\/h3>\n\n\n\n<p>Tout Membre en r\u00e8gle de la Conf\u00e9rence est \u00e9ligible comme personne administratrice. Les personnes administratrices sortantes de charge sont r\u00e9\u00e9ligibles.<\/p>\n","protected":false},"excerpt":{"rendered":"<p>-Personnes Administratrices : La Conf\u00e9rence est administr\u00e9e par un Conseil d\u2019administration de neuf Membres constitu\u00e9 comme suit : -\u00c9ligibilit\u00e9 Tout Membre en r\u00e8gle de la Conf\u00e9rence est \u00e9ligible comme personne administratrice. Les personnes administratrices sortantes de charge sont r\u00e9\u00e9ligibles.<\/p>\n","protected":false},"featured_media":1059,"template":"","class_list":["post-167","comite","type-comite","status-publish","has-post-thumbnail","hentry"],"acf":{"banniere_arriereplan":"","banniere_soustitre":""},"_links":{"self":[{"href":"https:\/\/ccrm-mtl.com\/ccrm\/wp-json\/wp\/v2\/comite\/167","targetHints":{"allow":["GET"]}}],"collection":[{"href":"https:\/\/ccrm-mtl.com\/ccrm\/wp-json\/wp\/v2\/comite"}],"about":[{"href":"https:\/\/ccrm-mtl.com\/ccrm\/wp-json\/wp\/v2\/types\/comite"}],"wp:featuredmedia":[{"embeddable":true,"href":"https:\/\/ccrm-mtl.com\/ccrm\/wp-json\/wp\/v2\/media\/1059"}],"wp:attachment":[{"href":"https:\/\/ccrm-mtl.com\/ccrm\/wp-json\/wp\/v2\/media?parent=167"}],"curies":[{"name":"wp","href":"https:\/\/api.w.org\/{rel}","templated":true}]}}