   {"id":847,"date":"2023-08-01T15:14:59","date_gmt":"2023-08-01T19:14:59","guid":{"rendered":"http:\/\/siteccrm:8080\/?page_id=16"},"modified":"2024-03-27T11:46:22","modified_gmt":"2024-03-27T15:46:22","slug":"devenir-membre","status":"publish","type":"page","link":"https:\/\/ccrm-mtl.com\/ccrm\/devenir-membre\/","title":{"rendered":"Devenir membre"},"content":{"rendered":"\n<h2 class=\"wp-block-heading\">\u00catre membre de la Conf\u00e9rence signifie :<\/h2>\n\n\n\n<ul class=\"wp-block-list\">\n<li><strong>\u00c9<\/strong>voluer et se divertir dans un environnement familier et convivial par le biais des diverses activit\u00e9s organis\u00e9es par la Conf\u00e9rence ;<\/li>\n\n\n\n<li>B\u00e9n\u00e9ficier d\u2019interlocuteurs valables \u00e0 qui r\u00e9f\u00e9rer toute question relative au statut de retrait\u00e9 de la Ville de Montr\u00e9al ;<\/li>\n\n\n\n<li><strong>C<\/strong>ompter sur des repr\u00e9sentants comp\u00e9tents pour voir \u00e0 ce que les plans d\u2019assurance soient adapt\u00e9s \u00e0 la mesure de nos besoins et offerts \u00e0 des co\u00fbts int\u00e9ressants ;<\/li>\n\n\n\n<li><strong>S<\/strong>\u2019unir afin de constituer une force vive n\u00e9cessaire \u00e0 la poursuite d\u2019objectifs communs en regard des grands dossiers d\u00e9j\u00e0 mis de l\u2019avant par la Conf\u00e9rence.<\/li>\n<\/ul>\n\n\n\n<p>Pour atteindre nos objectifs nous comptons sur l\u2019adh\u00e9sion \u00e0 la Conf\u00e9rence de tous les cadres retrait\u00e9s de la Ville de Montr\u00e9al et cela dans le meilleur int\u00e9r\u00eat de chacun d\u2019entre nous.<\/p>\n\n\n\n<h4 class=\"wp-block-heading has-text-align-center\">Demande d\u2019adh\u00e9sion volontaire<\/h4>\n\n\n\n<p>Vous \u00e9tiez cadre \u00e0 la Ville de Montr\u00e9al et vous&nbsp;<strong>n\u2019\u00eates pas membre de la CCRM<\/strong>. Rien de plus simple pour le devenir, il vous suffit de remplir le formulaire ci-dessous<\/p>\n\n\n\n<div style=\"height:65px\" aria-hidden=\"true\" class=\"wp-block-spacer\"><\/div>\n\n\n\n<h3 class=\"wp-block-heading has-text-align-center\"><a href=\"https:\/\/ccrm-mtl.com\/ccrm\/wp-content\/uploads\/2024\/03\/Form_Adhesion_2023.pdf\" data-type=\"attachment\" data-id=\"1036\">Formulaire d&rsquo;adh\u00e9sion<\/a><\/h3>\n","protected":false},"excerpt":{"rendered":"<p>\u00catre membre de la Conf\u00e9rence signifie : Pour atteindre nos objectifs nous comptons sur l\u2019adh\u00e9sion \u00e0 la Conf\u00e9rence de tous les cadres retrait\u00e9s de la Ville de Montr\u00e9al et cela dans le meilleur int\u00e9r\u00eat de chacun d\u2019entre nous. Demande d\u2019adh\u00e9sion volontaire Vous \u00e9tiez cadre \u00e0 la Ville de Montr\u00e9al et vous&nbsp;n\u2019\u00eates pas membre de la [&hellip;]<\/p>\n","protected":false},"author":2,"featured_media":0,"parent":0,"menu_order":0,"comment_status":"closed","ping_status":"closed","template":"","meta":{"_acf_changed":false,"footnotes":""},"class_list":["post-847","page","type-page","status-publish","hentry"],"acf":{"banniere_arriereplan":"","banniere_soustitre":""},"_links":{"self":[{"href":"https:\/\/ccrm-mtl.com\/ccrm\/wp-json\/wp\/v2\/pages\/847","targetHints":{"allow":["GET"]}}],"collection":[{"href":"https:\/\/ccrm-mtl.com\/ccrm\/wp-json\/wp\/v2\/pages"}],"about":[{"href":"https:\/\/ccrm-mtl.com\/ccrm\/wp-json\/wp\/v2\/types\/page"}],"author":[{"embeddable":true,"href":"https:\/\/ccrm-mtl.com\/ccrm\/wp-json\/wp\/v2\/users\/2"}],"replies":[{"embeddable":true,"href":"https:\/\/ccrm-mtl.com\/ccrm\/wp-json\/wp\/v2\/comments?post=847"}],"version-history":[{"count":1,"href":"https:\/\/ccrm-mtl.com\/ccrm\/wp-json\/wp\/v2\/pages\/847\/revisions"}],"predecessor-version":[{"id":1090,"href":"https:\/\/ccrm-mtl.com\/ccrm\/wp-json\/wp\/v2\/pages\/847\/revisions\/1090"}],"wp:attachment":[{"href":"https:\/\/ccrm-mtl.com\/ccrm\/wp-json\/wp\/v2\/media?parent=847"}],"curies":[{"name":"wp","href":"https:\/\/api.w.org\/{rel}","templated":true}]}}